{"id":89,"date":"2019-05-23T14:48:01","date_gmt":"2019-05-23T14:48:01","guid":{"rendered":"https:\/\/www.aromatherapyskolinn.is\/?page_id=89"},"modified":"2022-01-22T17:38:14","modified_gmt":"2022-01-22T17:38:14","slug":"greidsluskilmalar","status":"publish","type":"page","link":"https:\/\/www.aromatherapyskolinn.is\/?page_id=89","title":{"rendered":"Grei\u00f0sluskilm\u00e1lar"},"content":{"rendered":"\n<p><strong>Grei\u00f0sluskilm\u00e1lar<\/strong><\/p>\n\n\n\n<p>Skr\u00e1ningargjald\n\u00e1 n\u00e1mskei\u00f0in <strong>Sj\u00e1lfshj\u00e1lp me\u00f0 aromatherapy<\/strong>\ner innheimt vi\u00f0 skr\u00e1ningu og er \u00f3endurkr\u00e6ft.<\/p>\n\n\n\n<p>Skr\u00e1ningargjald\ner innheimt vi\u00f0 skr\u00e1ningu \u00ed <strong>Aromatherapysk\u00f3lann<\/strong>\ntil a\u00f0 tryggja n\u00e1msvist. Skr\u00e1ningargjaldi\u00f0 er 5% af heildar n\u00e1msgjaldi og er\n\u00f3endurkr\u00e6ft.<\/p>\n\n\n\n<p>Ganga\n\u00fearf fr\u00e1 sk\u00f3lagj\u00f6ldum fyrir allt n\u00e1mi\u00f0 \u00e1\u00f0ur en n\u00e1m hefst og telst&nbsp;skr\u00e1ning\nekki gild fyrr en b\u00fai\u00f0 er a\u00f0 ganga fr\u00e1 grei\u00f0slu. Grei\u00f0sla ver\u00f0ur skuldf\u00e6r\u00f0 af\nkorti um \u00fea\u00f0 bil sem n\u00e1mskei\u00f0 hefst nema anna\u00f0 s\u00e9 teki\u00f0 fram. H\u00e6gt er a\u00f0 velja\neftirfarandi grei\u00f0slulei\u00f0ir:<\/p>\n\n\n\n<ul class=\"wp-block-list\"><li>Debetkort:  V\u00edsa Electron og Maestro<\/li><li>Kreditkort: V\u00edsa og Mastercard<\/li><li>Kreditkort \u2013 grei\u00f0sludreifing \u00ed allt a\u00f0 24 m\u00e1nu\u00f0i &#8211; \u00e1 einungis vi\u00f0 um sk\u00f3lagj\u00f6ld \u00ed 2ja \u00e1ra n\u00e1m Aromatherapysk\u00f3lans.<br><\/li><\/ul>\n\n\n\n<p>Eftir\na\u00f0 n\u00e1m er hafi\u00f0 hefur nemandi skuldbundi\u00f0 sig til a\u00f0 grei\u00f0a allt n\u00e1msgjaldi\u00f0 og\ner \u00fev\u00ed ekki h\u00e6gt a\u00f0 f\u00e1 \u00fea\u00f0 fellt ni\u00f0ur e\u00f0a endurgreitt.<\/p>\n\n\n\n<p>Aromatherapysk\u00f3linn\nendurgrei\u00f0ir n\u00e1msgjaldi\u00f0 a\u00f0 fullu ef l\u00e1gmarksfj\u00f6ldi \u00fe\u00e1tttakenda n\u00e6st ekki og\nn\u00e1mi\u00f0 er fellt ni\u00f0ur.<\/p>\n\n\n\n<p>T\u00f6lvup\u00f3stur ver\u00f0ur sendur sem sta\u00f0festing \u00e1 m\u00f3tt\u00f6ku skr\u00e1ningar og grei\u00f0slu n\u00e1mskei\u00f0s og skr\u00e1ningargjalda. Vinsamlegast haf\u00f0u samband vi\u00f0 Aromatherapysk\u00f3lann ef \u00fe\u00e9r berst engin sta\u00f0festing me\u00f0 t\u00f6lvup\u00f3sti \u00e1&nbsp;<a href=\"mailto:aromatherapyskolinn@gmail.com\">aromatherapyskolinn@gmail.com<\/a> <\/p>\n\n\n\n<p>R\u00edsi \u00e1greiningur milli a\u00f0ila um efni \u00feessara skilm\u00e1la e\u00f0a vegna brota \u00e1 \u00feeim er heimilt a\u00f0 reka m\u00e1l vegna \u00feessa fyrir H\u00e9ra\u00f0sd\u00f3mi Reykjav\u00edkur skv. \u00e1kv\u00e6\u00f0um laga nr. 91\/1991. <\/p>\n","protected":false},"excerpt":{"rendered":"<p>Grei\u00f0sluskilm\u00e1lar Skr\u00e1ningargjald \u00e1 n\u00e1mskei\u00f0in Sj\u00e1lfshj\u00e1lp me\u00f0 aromatherapy er innheimt vi\u00f0 skr\u00e1ningu og er \u00f3endurkr\u00e6ft. Skr\u00e1ningargjald er innheimt vi\u00f0 skr\u00e1ningu \u00ed &hellip; <\/p>\n","protected":false},"author":2,"featured_media":0,"parent":0,"menu_order":0,"comment_status":"closed","ping_status":"closed","template":"","meta":{"footnotes":""},"class_list":["post-89","page","type-page","status-publish","hentry","latest_post"],"jetpack_sharing_enabled":true,"_links":{"self":[{"href":"https:\/\/www.aromatherapyskolinn.is\/index.php?rest_route=\/wp\/v2\/pages\/89","targetHints":{"allow":["GET"]}}],"collection":[{"href":"https:\/\/www.aromatherapyskolinn.is\/index.php?rest_route=\/wp\/v2\/pages"}],"about":[{"href":"https:\/\/www.aromatherapyskolinn.is\/index.php?rest_route=\/wp\/v2\/types\/page"}],"author":[{"embeddable":true,"href":"https:\/\/www.aromatherapyskolinn.is\/index.php?rest_route=\/wp\/v2\/users\/2"}],"replies":[{"embeddable":true,"href":"https:\/\/www.aromatherapyskolinn.is\/index.php?rest_route=%2Fwp%2Fv2%2Fcomments&post=89"}],"version-history":[{"count":15,"href":"https:\/\/www.aromatherapyskolinn.is\/index.php?rest_route=\/wp\/v2\/pages\/89\/revisions"}],"predecessor-version":[{"id":4516,"href":"https:\/\/www.aromatherapyskolinn.is\/index.php?rest_route=\/wp\/v2\/pages\/89\/revisions\/4516"}],"wp:attachment":[{"href":"https:\/\/www.aromatherapyskolinn.is\/index.php?rest_route=%2Fwp%2Fv2%2Fmedia&parent=89"}],"curies":[{"name":"wp","href":"https:\/\/api.w.org\/{rel}","templated":true}]}}